{"id":9046,"date":"2023-08-10T11:34:52","date_gmt":"2023-08-10T09:34:52","guid":{"rendered":"https:\/\/www.museicadoredolomiti.it\/museo-algudnei\/"},"modified":"2023-10-09T12:06:06","modified_gmt":"2023-10-09T10:06:06","slug":"das-algudnei-museum","status":"publish","type":"page","link":"https:\/\/www.museicadoredolomiti.it\/de\/das-algudnei-museum\/","title":{"rendered":"Das Algudnei Museum"},"content":{"rendered":"<section class=\"l-section wpb_row height_medium color_primary with_img\"><div class=\"l-section-img\" role=\"img\" data-img-width=\"1500\" data-img-height=\"1125\" style=\"background-image: url(https:\/\/www.museicadoredolomiti.it\/wp-content\/uploads\/2023\/08\/07-1.jpg);background-repeat: no-repeat;\"><\/div><div class=\"l-section-overlay\" style=\"background:rgba(2,2,2,0.67)\"><\/div><div class=\"l-section-h i-cf\"><div class=\"g-cols vc_row via_grid cols_1 laptops-cols_inherit tablets-cols_inherit mobiles-cols_1 valign_top type_default stacking_default\"><div class=\"wpb_column vc_column_container\"><div class=\"vc_column-inner\"><div class=\"wpb_text_column\"><div class=\"wpb_wrapper\"><h1 style=\"text-align: center;\">Das Algudnei Museum<\/h1>\n<\/div><\/div><div class=\"w-separator size_small\"><\/div><div class=\"w-iconbox iconpos_top style_default color_custom align_center no_text no_title\"><a href=\"#intro\" class=\"w-iconbox-link\" aria-label=\"far|chevron-down\"><div class=\"w-iconbox-icon\" style=\"font-size:3rem;--icon-color:#ffffff;\"><i class=\"far fa-chevron-down\"><\/i><\/div><\/a><div class=\"w-iconbox-meta\"><\/div><\/div><div class=\"w-separator size_medium\"><\/div><\/div><\/div><\/div><\/div><\/section><section class=\"l-section wpb_row height_medium width_custom color_alternate\" style=\"--site-content-width:800px;\" id=\"intro\"><div class=\"l-section-overlay\" style=\"background:#E32119\"><\/div><div class=\"l-section-h i-cf\"><div class=\"g-cols vc_row via_grid cols_1 laptops-cols_inherit tablets-cols_inherit mobiles-cols_1 valign_top type_default stacking_default\"><div class=\"wpb_column vc_column_container\"><div class=\"vc_column-inner\"><div class=\"wpb_text_column\"><div class=\"wpb_wrapper\"><p>[vc_custom_heading text=&#8220;Das Museumsnetzwerk: Kultur und Territorium, die gef\u00f6rdert und gesch\u00fctzt werden m\u00fcssen.&#8220; font_container=&#8220;tag:h3|text_align:center|color:%23ffffff&#8220; use_theme_fonts=&#8220;yes&#8220;]<\/p>\n<\/div><\/div><\/div><\/div><\/div><\/div><\/section><section class=\"l-section wpb_row height_medium\"><div class=\"l-section-h i-cf\"><div class=\"g-cols vc_row via_grid cols_1 laptops-cols_inherit tablets-cols_1 mobiles-cols_1 valign_top type_default stacking_default\"><div class=\"wpb_column vc_column_container\"><div class=\"vc_column-inner\"><div class=\"wpb_text_column\"><div class=\"wpb_wrapper\"><p>Der Palazzo Zandonella in Dosoledo ist ein Beispiel eines Herrenhauses aus dem 17. Jahrhundert und daher ein wichtiges historisches Zeugnis. Im Inneren befindet sich das Algudnei-Museum, das aus einem Kulturprojekt hervorgegangen ist, mit dem eine Forschungsgruppe und die \u201eRegola\u201c ihre Forschungen \u00fcber die ladinische Kultur in Comelico bekannt machen, um deren historisches Ged\u00e4chtnis zu bewahren. Das Museum bietet dem Besucher anhand von Bildern und Filmen einige Aspekte der lokalen Geschichte und Traditionen.<\/p>\n<p>Der gro\u00dfe Raum ist in drei thematische Abteilungen unterteilt: Carnevale, mit Schaufensterpuppen in traditionellen Kost\u00fcmen und historischen Fotografien; Regole, mit Karten und historischen Routen; Rifabbrico, mit einer Rekonstruktion der Ereignisse, die das Aussehen der D\u00f6rfer des Comelico und Cadore radikal ver\u00e4ndert haben.<\/p>\n<p>2015 wurde die neue Abteilung \u00fcber den Ersten Weltkrieg an der Front er\u00f6ffnet, die in Zusammenarbeit mit Experten und Wissenschaftlern aus Comelico, dem Pustertal und \u00d6sterreich gestaltet wurde. 2018 wurden die Abteilungen \u00fcber die Ladiner vom Comelico und die Clonp\u00e4r eingeweiht. Ladinisch ist die Ur- Muttersprache des Tals und die Clonp\u00e4r waren in Italien und in verschiedenen europ\u00e4ischen L\u00e4ndern als Klempner t\u00e4tig.<\/p>\n<p>In Comelico ist das Thema Karneval sehr pr\u00e4sent; Diesem Fest hat das Museum eine eigene Abteilung gewidmet: Zu den wichtigsten Masken des Karnevals von Dosoledo geh\u00f6ren der \u201eLach\u00e9\u201c und der \u201eMatazin\u201c, zwei m\u00e4nnliche Figuren, die Reichtum und Gl\u00fcck symbolisieren. Die beiden Kost\u00fcme \u00e4hneln sich im Stil, unterscheiden sich aber in der Farbe: wei\u00dfe Socken mit bunten Streifen, schwarze, mit Blumen verzierte Schuhe, bunte Seidenhosen und viele Schichten aus Netz, Musselin und Seident\u00fcchern. Ein Paar wei\u00dfe Handschuhe und ein langer Zylinder, im Dialekt \u201ebaret\u00f2n\u201c oder \u201ecalott\u00e4\u201c genannt, vervollst\u00e4ndigen die Tracht. Dieser Hut ist mit Halsketten, Perlen, Broschen und nicht weniger als 100 bunten Seidenb\u00e4ndern geschm\u00fcckt. In den H\u00e4nden h\u00e4lt der Tr\u00e4ger des Kost\u00fcms eine Bonboniere mit kleinen Gl\u00fccksbonbons und ein Zepter.<\/p>\n<p>Der Unterschied zwischen den beiden Masken liegt in der Farbe der Kost\u00fcme: Der \u201eLach\u00e9\u201c, der den Umzug er\u00f6ffnet, tr\u00e4gt ein Kleid in hellen Farben (z. B. rosa, gelb, blau), die \u201eMata\u017ein\u201c, die ihm folgt und vor der Kapelle tanzt, tr\u00e4gt ein Kleid in dunkleren Farben (z. B. rot, blau, gr\u00fcn).<\/p>\n<\/div><\/div><\/div><\/div><\/div><\/div><\/section><section class=\"l-section wpb_row us_custom_9d1e26d6 height_small\"><div class=\"l-section-overlay\" style=\"background:#f5f5f5\"><\/div><div class=\"l-section-h i-cf\"><div class=\"g-cols vc_row via_grid cols_1 laptops-cols_inherit tablets-cols_inherit mobiles-cols_1 valign_top type_default stacking_default\"><div class=\"wpb_column vc_column_container\"><div class=\"vc_column-inner\"><div class=\"g-cols wpb_row via_grid cols_4 laptops-cols_inherit tablets-cols_inherit mobiles-cols_1 valign_top type_default stacking_default\"><div class=\"wpb_column vc_column_container\"><div class=\"vc_column-inner\"><div class=\"w-iconbox iconpos_top style_default color_primary align_center no_text\"><a target=\"_blank\" href=\"https:\/\/goo.gl\/maps\/jvC4RR2RaziHSQXm6\" class=\"w-iconbox-link\" aria-label=\"Piazza Tiziano, 2, 32040 Dosoledo BL\"><div class=\"w-iconbox-icon\" style=\"font-size:2.5rem;\"><i class=\"fas fa-home\"><\/i><\/div><\/a><div class=\"w-iconbox-meta\"><a target=\"_blank\" href=\"https:\/\/goo.gl\/maps\/jvC4RR2RaziHSQXm6\" class=\"w-iconbox-link\" aria-label=\"Piazza Tiziano, 2, 32040 Dosoledo BL\"><p class=\"w-iconbox-title\">Piazza Tiziano, 2, 32040 Dosoledo BL<\/p><\/a><\/div><\/div><\/div><\/div><div class=\"wpb_column vc_column_container\"><div class=\"vc_column-inner\"><div class=\"w-iconbox iconpos_top style_default color_primary align_center no_text\"><a target=\"_blank\" href=\"tel:+393474893734\" class=\"w-iconbox-link\" aria-label=\"+39 347 4893734\"><div class=\"w-iconbox-icon\" style=\"font-size:2.5rem;\"><i class=\"fas fa-phone\"><\/i><\/div><\/a><div class=\"w-iconbox-meta\"><a target=\"_blank\" href=\"tel:+393474893734\" class=\"w-iconbox-link\" aria-label=\"+39 347 4893734\"><p class=\"w-iconbox-title\">+39 347 4893734<\/p><\/a><\/div><\/div><\/div><\/div><div class=\"wpb_column vc_column_container\"><div class=\"vc_column-inner\"><div class=\"w-iconbox iconpos_top style_default color_primary align_center no_text\"><a target=\"_blank\" href=\"mailto:info@algudnei.it\" class=\"w-iconbox-link\" aria-label=\"info@algudnei.it\"><div class=\"w-iconbox-icon\" style=\"font-size:2.5rem;\"><i class=\"fas fa-envelope\"><\/i><\/div><\/a><div class=\"w-iconbox-meta\"><a target=\"_blank\" href=\"mailto:info@algudnei.it\" class=\"w-iconbox-link\" aria-label=\"info@algudnei.it\"><p class=\"w-iconbox-title\">info@algudnei.it<\/p><\/a><\/div><\/div><\/div><\/div><div class=\"wpb_column vc_column_container\"><div class=\"vc_column-inner\"><div class=\"w-iconbox iconpos_top style_default color_primary align_center no_text\"><a target=\"_blank\" href=\"https:\/\/www.algudnei.it\/\" class=\"w-iconbox-link\" aria-label=\"algudnei.it\"><div class=\"w-iconbox-icon\" style=\"font-size:2.5rem;\"><i class=\"fas fa-globe\"><\/i><\/div><\/a><div class=\"w-iconbox-meta\"><a target=\"_blank\" href=\"https:\/\/www.algudnei.it\/\" class=\"w-iconbox-link\" aria-label=\"algudnei.it\"><p class=\"w-iconbox-title\">algudnei.it<\/p><\/a><\/div><\/div><\/div><\/div><\/div><\/div><\/div><\/div><\/div><\/section><section class=\"l-section wpb_row height_medium\"><div class=\"l-section-h i-cf\"><div class=\"g-cols vc_row via_grid cols_1 laptops-cols_inherit tablets-cols_1 mobiles-cols_1 valign_top type_default stacking_default\"><div class=\"wpb_column vc_column_container\"><div class=\"vc_column-inner\"><div class=\"w-separator us_custom_381ea035 size_custom\" style=\"height:70vh\"><\/div><div class=\"w-separator size_medium\"><\/div><div class=\"w-tabs layout_hor style_default switch_click has_scrolling\" style=\"--sections-title-size:1em\"><div class=\"w-tabs-list items_3 align_none\"><div class=\"w-tabs-list-h\"><button class=\"w-tabs-item active\" aria-controls=\"content-h390\" aria-expanded=\"false\"><span class=\"w-tabs-item-title\">\u00d6ffnungszeiten<\/span><\/button><button class=\"w-tabs-item\" aria-controls=\"content-h787\" aria-expanded=\"false\"><span class=\"w-tabs-item-title\">Preise<\/span><\/button><button class=\"w-tabs-item\" aria-controls=\"content-kaa2\" aria-expanded=\"false\"><span class=\"w-tabs-item-title\">Zug\u00e4nglichkeit<\/span><\/button><\/div><\/div><div class=\"w-tabs-sections titles-align_none icon_chevron cpos_right\"><div class=\"w-tabs-section active\" id=\"h390\"><button class=\"w-tabs-section-header active\" aria-controls=\"content-h390\" aria-expanded=\"true\"><div class=\"w-tabs-section-title\">\u00d6ffnungszeiten<\/div><div class=\"w-tabs-section-control\"><\/div><\/button><div  class=\"w-tabs-section-content us_custom_2eb31b07\" id=\"content-h390\"><div class=\"w-tabs-section-content-h i-cf\"><div class=\"wpb_text_column\"><div class=\"wpb_wrapper\"><p>Im Sommer t\u00e4glich vormittags von 9:00 bis 12:00 Uhr und dienstags und freitags auch nachmittags von 15:00 bis 18:00 Uhr ge\u00f6ffnet.<\/p>\n<p>Au\u00dferhalb der Saison nach Vereinbarung ge\u00f6ffnet.<\/p>\n<\/div><\/div><\/div><\/div><\/div><div class=\"w-tabs-section\" id=\"h787\"><button class=\"w-tabs-section-header\" aria-controls=\"content-h787\" aria-expanded=\"false\"><div class=\"w-tabs-section-title\">Preise<\/div><div class=\"w-tabs-section-control\"><\/div><\/button><div  class=\"w-tabs-section-content us_custom_2eb31b07\" id=\"content-h787\"><div class=\"w-tabs-section-content-h i-cf\"><div class=\"wpb_text_column\"><div class=\"wpb_wrapper\"><p>Kostenpflichtig<\/p>\n<\/div><\/div><\/div><\/div><\/div><div class=\"w-tabs-section\" id=\"kaa2\"><button class=\"w-tabs-section-header\" aria-controls=\"content-kaa2\" aria-expanded=\"false\"><div class=\"w-tabs-section-title\">Zug\u00e4nglichkeit<\/div><div class=\"w-tabs-section-control\"><\/div><\/button><div  class=\"w-tabs-section-content us_custom_2eb31b07\" id=\"content-kaa2\"><div class=\"w-tabs-section-content-h i-cf\"><div class=\"wpb_text_column\"><div class=\"wpb_wrapper\"><p>Nicht reservierte Parkpl\u00e4tze wenige Meter entfernt<\/p>\n<p>&#8211; Aufzug und Treppenlift mit Personal bei Bedarf<br \/>\n&#8211; Keine internen Stufen<br \/>\n&#8211; Rollstuhlgerechtes, aber nicht ausgestattetes Bad<\/p>\n<\/div><\/div><\/div><\/div><\/div><\/div><\/div><div class=\"w-separator size_medium\"><\/div><div class=\"w-video align_none ratio_16x9 has_iframe\"><div class=\"w-video-h\"><iframe title=\"Youtube video player\" src=\"\/\/www.youtube.com\/embed\/aMvIMIXegS4?origin=https:\/\/www.museicadoredolomiti.it\/de\/&controls=1\" allowfullscreen=\"1\" loading=\"lazy\"><\/iframe><\/div><div class=\"w-video-icon\" style=\"font-size:1.5rem;background:rgba(0,0,0,0.5);color:#fff\"><\/div><\/div><div class=\"w-separator size_medium\"><\/div><div class=\"w-grid type_carousel layout_gallery_cropped cols_4 valign_center ratio_1x1\" id=\"us_grid_1\" style=\"--gap:2px;\"><style>.layout_gallery_cropped .w-grid-item-h:before{padding-bottom:100%}.layout_gallery_cropped .w-grid-item-h{}.layout_gallery_cropped .usg_post_image_1{position:absolute!important;left:0!important;top:0!important;bottom:0!important;right:0!important}<\/style><div class=\"w-grid-list owl-carousel navstyle_circle navpos_inside with_dots\" style=\"--arrows-size:1.8rem;\">\t<article class=\"w-grid-item post-9013 attachment type-attachment status-inherit hentry\" data-id=\"9013\">\r\n\t\t<div class=\"w-grid-item-h\">\r\n\t\t\t\t\t\t<div class=\"w-post-elm post_image usg_post_image_1 stretched\"><img width=\"1024\" height=\"466\" src=\"https:\/\/www.museicadoredolomiti.it\/wp-content\/uploads\/2023\/08\/logo-algudnei-1024x466.jpg\" class=\"attachment-large size-large\" alt=\"\" decoding=\"async\" loading=\"lazy\" srcset=\"https:\/\/www.museicadoredolomiti.it\/wp-content\/uploads\/2023\/08\/logo-algudnei-1024x466.jpg 1024w, https:\/\/www.museicadoredolomiti.it\/wp-content\/uploads\/2023\/08\/logo-algudnei-300x137.jpg 300w, https:\/\/www.museicadoredolomiti.it\/wp-content\/uploads\/2023\/08\/logo-algudnei-1536x699.jpg 1536w\" sizes=\"(max-width: 1024px) 100vw, 1024px\" \/><\/div>\t\t<\/div>\r\n\t<\/article>\r\n\t<article class=\"w-grid-item post-8789 attachment type-attachment status-inherit hentry\" data-id=\"8789\">\r\n\t\t<div class=\"w-grid-item-h\">\r\n\t\t\t\t\t\t<div class=\"w-post-elm post_image usg_post_image_1 stretched\"><img width=\"1024\" height=\"768\" src=\"https:\/\/www.museicadoredolomiti.it\/wp-content\/uploads\/2023\/08\/IMG_9035-1-1024x768.jpg\" class=\"attachment-large size-large\" alt=\"\" decoding=\"async\" loading=\"lazy\" srcset=\"https:\/\/www.museicadoredolomiti.it\/wp-content\/uploads\/2023\/08\/IMG_9035-1-1024x768.jpg 1024w, https:\/\/www.museicadoredolomiti.it\/wp-content\/uploads\/2023\/08\/IMG_9035-1-300x225.jpg 300w, https:\/\/www.museicadoredolomiti.it\/wp-content\/uploads\/2023\/08\/IMG_9035-1-1536x1152.jpg 1536w\" sizes=\"(max-width: 1024px) 100vw, 1024px\" \/><\/div>\t\t<\/div>\r\n\t<\/article>\r\n\t<article class=\"w-grid-item post-8787 attachment type-attachment status-inherit hentry\" data-id=\"8787\">\r\n\t\t<div class=\"w-grid-item-h\">\r\n\t\t\t\t\t\t<div class=\"w-post-elm post_image usg_post_image_1 stretched\"><img width=\"800\" height=\"600\" src=\"https:\/\/www.museicadoredolomiti.it\/wp-content\/uploads\/2023\/08\/Musei-Cadore-Dolomiti-Algudnei-1.jpg\" class=\"attachment-large size-large\" alt=\"\" decoding=\"async\" loading=\"lazy\" srcset=\"https:\/\/www.museicadoredolomiti.it\/wp-content\/uploads\/2023\/08\/Musei-Cadore-Dolomiti-Algudnei-1.jpg 800w, https:\/\/www.museicadoredolomiti.it\/wp-content\/uploads\/2023\/08\/Musei-Cadore-Dolomiti-Algudnei-1-300x225.jpg 300w\" sizes=\"(max-width: 800px) 100vw, 800px\" \/><\/div>\t\t<\/div>\r\n\t<\/article>\r\n\t<article class=\"w-grid-item post-8785 attachment type-attachment status-inherit hentry\" data-id=\"8785\">\r\n\t\t<div class=\"w-grid-item-h\">\r\n\t\t\t\t\t\t<div class=\"w-post-elm post_image usg_post_image_1 stretched\"><img width=\"1024\" height=\"521\" src=\"https:\/\/www.museicadoredolomiti.it\/wp-content\/uploads\/2023\/08\/grande-guerra-1024x521.jpg\" class=\"attachment-large size-large\" alt=\"\" decoding=\"async\" loading=\"lazy\" srcset=\"https:\/\/www.museicadoredolomiti.it\/wp-content\/uploads\/2023\/08\/grande-guerra-1024x521.jpg 1024w, https:\/\/www.museicadoredolomiti.it\/wp-content\/uploads\/2023\/08\/grande-guerra-300x153.jpg 300w, https:\/\/www.museicadoredolomiti.it\/wp-content\/uploads\/2023\/08\/grande-guerra-1536x781.jpg 1536w\" sizes=\"(max-width: 1024px) 100vw, 1024px\" \/><\/div>\t\t<\/div>\r\n\t<\/article>\r\n\t<article class=\"w-grid-item post-8783 attachment type-attachment status-inherit hentry\" data-id=\"8783\">\r\n\t\t<div class=\"w-grid-item-h\">\r\n\t\t\t\t\t\t<div class=\"w-post-elm post_image usg_post_image_1 stretched\"><img width=\"1024\" height=\"575\" src=\"https:\/\/www.museicadoredolomiti.it\/wp-content\/uploads\/2023\/08\/corridoio-1024x575.jpg\" class=\"attachment-large size-large\" alt=\"\" decoding=\"async\" loading=\"lazy\" srcset=\"https:\/\/www.museicadoredolomiti.it\/wp-content\/uploads\/2023\/08\/corridoio-1024x575.jpg 1024w, https:\/\/www.museicadoredolomiti.it\/wp-content\/uploads\/2023\/08\/corridoio-300x169.jpg 300w, https:\/\/www.museicadoredolomiti.it\/wp-content\/uploads\/2023\/08\/corridoio-1536x863.jpg 1536w\" sizes=\"(max-width: 1024px) 100vw, 1024px\" \/><\/div>\t\t<\/div>\r\n\t<\/article>\r\n\t<article class=\"w-grid-item post-8781 attachment type-attachment status-inherit hentry\" data-id=\"8781\">\r\n\t\t<div class=\"w-grid-item-h\">\r\n\t\t\t\t\t\t<div class=\"w-post-elm post_image usg_post_image_1 stretched\"><img width=\"1024\" height=\"734\" src=\"https:\/\/www.museicadoredolomiti.it\/wp-content\/uploads\/2023\/08\/21-1024x734.jpg\" class=\"attachment-large size-large\" alt=\"\" decoding=\"async\" loading=\"lazy\" srcset=\"https:\/\/www.museicadoredolomiti.it\/wp-content\/uploads\/2023\/08\/21-1024x734.jpg 1024w, https:\/\/www.museicadoredolomiti.it\/wp-content\/uploads\/2023\/08\/21-300x215.jpg 300w, https:\/\/www.museicadoredolomiti.it\/wp-content\/uploads\/2023\/08\/21-1536x1102.jpg 1536w\" sizes=\"(max-width: 1024px) 100vw, 1024px\" \/><\/div>\t\t<\/div>\r\n\t<\/article>\r\n\t<article class=\"w-grid-item post-8779 attachment type-attachment status-inherit hentry\" data-id=\"8779\">\r\n\t\t<div class=\"w-grid-item-h\">\r\n\t\t\t\t\t\t<div class=\"w-post-elm post_image usg_post_image_1 stretched\"><img width=\"1024\" height=\"768\" src=\"https:\/\/www.museicadoredolomiti.it\/wp-content\/uploads\/2023\/08\/07-1-1024x768.jpg\" class=\"attachment-large size-large\" alt=\"\" decoding=\"async\" loading=\"lazy\" srcset=\"https:\/\/www.museicadoredolomiti.it\/wp-content\/uploads\/2023\/08\/07-1-1024x768.jpg 1024w, https:\/\/www.museicadoredolomiti.it\/wp-content\/uploads\/2023\/08\/07-1-300x225.jpg 300w, https:\/\/www.museicadoredolomiti.it\/wp-content\/uploads\/2023\/08\/07-1.jpg 1500w\" sizes=\"(max-width: 1024px) 100vw, 1024px\" \/><\/div>\t\t<\/div>\r\n\t<\/article>\r\n\t<article class=\"w-grid-item post-8777 attachment type-attachment status-inherit hentry\" data-id=\"8777\">\r\n\t\t<div class=\"w-grid-item-h\">\r\n\t\t\t\t\t\t<div class=\"w-post-elm post_image usg_post_image_1 stretched\"><img width=\"1024\" height=\"848\" src=\"https:\/\/www.museicadoredolomiti.it\/wp-content\/uploads\/2023\/08\/1-1024x848.jpg\" class=\"attachment-large size-large\" alt=\"\" decoding=\"async\" loading=\"lazy\" srcset=\"https:\/\/www.museicadoredolomiti.it\/wp-content\/uploads\/2023\/08\/1-1024x848.jpg 1024w, https:\/\/www.museicadoredolomiti.it\/wp-content\/uploads\/2023\/08\/1-300x249.jpg 300w, https:\/\/www.museicadoredolomiti.it\/wp-content\/uploads\/2023\/08\/1-1536x1272.jpg 1536w\" sizes=\"(max-width: 1024px) 100vw, 1024px\" \/><\/div>\t\t<\/div>\r\n\t<\/article>\r\n<\/div><div class=\"g-preloader type_1\">\r\n\t<div><\/div>\r\n<\/div>\r\n\t<div class=\"w-grid-json hidden\" onclick='return {&quot;action&quot;:&quot;us_ajax_grid&quot;,&quot;ajax_url&quot;:&quot;https:\\\/\\\/www.museicadoredolomiti.it\\\/wp-admin\\\/admin-ajax.php&quot;,&quot;infinite_scroll&quot;:0,&quot;max_num_pages&quot;:1,&quot;pagination&quot;:&quot;none&quot;,&quot;permalink_url&quot;:&quot;https:\\\/\\\/www.museicadoredolomiti.it\\\/de\\\/wp-json\\\/wp\\\/v2\\\/pages\\\/9046\\\/&quot;,&quot;template_vars&quot;:{&quot;columns&quot;:&quot;4&quot;,&quot;exclude_items&quot;:&quot;none&quot;,&quot;img_size&quot;:&quot;default&quot;,&quot;ignore_items_size&quot;:0,&quot;items_layout&quot;:&quot;gallery_cropped&quot;,&quot;items_offset&quot;:&quot;1&quot;,&quot;load_animation&quot;:&quot;none&quot;,&quot;overriding_link&quot;:&quot;{\\&quot;url\\&quot;:\\&quot;\\&quot;}&quot;,&quot;post_id&quot;:0,&quot;query_args&quot;:{&quot;post_type&quot;:[&quot;attachment&quot;],&quot;post__in&quot;:[&quot;8332&quot;,&quot;8331&quot;,&quot;8329&quot;,&quot;8328&quot;,&quot;8327&quot;,&quot;8326&quot;,&quot;8325&quot;,&quot;8654&quot;],&quot;post_status&quot;:&quot;inherit&quot;,&quot;post_mime_type&quot;:&quot;image&quot;,&quot;posts_per_page&quot;:999},&quot;orderby_query_args&quot;:{&quot;orderby&quot;:{&quot;date&quot;:&quot;DESC&quot;}},&quot;type&quot;:&quot;carousel&quot;,&quot;us_grid_ajax_index&quot;:1,&quot;us_grid_filter_params&quot;:null,&quot;us_grid_index&quot;:1,&quot;_us_grid_post_type&quot;:&quot;attachment&quot;,&quot;page_args&quot;:[],&quot;lang&quot;:&quot;de&quot;},&quot;carousel_settings&quot;:{&quot;autoHeight&quot;:0,&quot;autoplay&quot;:0,&quot;carousel_fade&quot;:0,&quot;center&quot;:0,&quot;dots&quot;:1,&quot;items&quot;:&quot;4&quot;,&quot;loop&quot;:true,&quot;nav&quot;:1,&quot;slideby&quot;:&quot;1&quot;,&quot;smooth_play&quot;:0,&quot;speed&quot;:250,&quot;timeout&quot;:3000,&quot;transition&quot;:&quot;&quot;,&quot;aria_labels&quot;:{&quot;prev&quot;:&quot;Zur\\u00fcck&quot;,&quot;next&quot;:&quot;Weiter&quot;}},&quot;carousel_breakpoints&quot;:{&quot;0&quot;:{&quot;autoHeight&quot;:0,&quot;autoplay&quot;:1,&quot;autoplayHoverPause&quot;:1,&quot;items&quot;:2,&quot;loop&quot;:true,&quot;stagePadding&quot;:0},&quot;601&quot;:{&quot;autoHeight&quot;:0,&quot;autoplay&quot;:1,&quot;autoplayHoverPause&quot;:1,&quot;items&quot;:2,&quot;loop&quot;:true,&quot;stagePadding&quot;:0},&quot;1025&quot;:{&quot;autoHeight&quot;:0,&quot;autoplay&quot;:1,&quot;autoplayHoverPause&quot;:1,&quot;items&quot;:3,&quot;loop&quot;:true,&quot;stagePadding&quot;:0},&quot;1281&quot;:{&quot;items&quot;:4,&quot;stagePadding&quot;:0}}}'><\/div>\r\n\t<\/div><\/div><\/div><\/div><\/div><\/section>\n","protected":false},"excerpt":{"rendered":"","protected":false},"author":1,"featured_media":0,"parent":0,"menu_order":0,"comment_status":"closed","ping_status":"closed","template":"","meta":{"footnotes":""},"_links":{"self":[{"href":"https:\/\/www.museicadoredolomiti.it\/de\/wp-json\/wp\/v2\/pages\/9046"}],"collection":[{"href":"https:\/\/www.museicadoredolomiti.it\/de\/wp-json\/wp\/v2\/pages"}],"about":[{"href":"https:\/\/www.museicadoredolomiti.it\/de\/wp-json\/wp\/v2\/types\/page"}],"author":[{"embeddable":true,"href":"https:\/\/www.museicadoredolomiti.it\/de\/wp-json\/wp\/v2\/users\/1"}],"replies":[{"embeddable":true,"href":"https:\/\/www.museicadoredolomiti.it\/de\/wp-json\/wp\/v2\/comments?post=9046"}],"version-history":[{"count":6,"href":"https:\/\/www.museicadoredolomiti.it\/de\/wp-json\/wp\/v2\/pages\/9046\/revisions"}],"predecessor-version":[{"id":9577,"href":"https:\/\/www.museicadoredolomiti.it\/de\/wp-json\/wp\/v2\/pages\/9046\/revisions\/9577"}],"wp:attachment":[{"href":"https:\/\/www.museicadoredolomiti.it\/de\/wp-json\/wp\/v2\/media?parent=9046"}],"curies":[{"name":"wp","href":"https:\/\/api.w.org\/{rel}","templated":true}]}}