{"id":9147,"date":"2023-08-10T11:34:52","date_gmt":"2023-08-10T09:34:52","guid":{"rendered":"https:\/\/www.museicadoredolomiti.it\/museo-algudnei\/"},"modified":"2023-10-09T12:04:53","modified_gmt":"2023-10-09T10:04:53","slug":"the-museum-algudnei","status":"publish","type":"page","link":"https:\/\/www.museicadoredolomiti.it\/en\/the-museum-algudnei\/","title":{"rendered":"The Museum Algudnei"},"content":{"rendered":"<section class=\"l-section wpb_row height_medium color_primary with_img\"><div class=\"l-section-img\" role=\"img\" data-img-width=\"1500\" data-img-height=\"1125\" style=\"background-image: url(https:\/\/www.museicadoredolomiti.it\/wp-content\/uploads\/2023\/08\/07-1.jpg);background-repeat: no-repeat;\"><\/div><div class=\"l-section-overlay\" style=\"background:rgba(2,2,2,0.67)\"><\/div><div class=\"l-section-h i-cf\"><div class=\"g-cols vc_row via_grid cols_1 laptops-cols_inherit tablets-cols_inherit mobiles-cols_1 valign_top type_default stacking_default\"><div class=\"wpb_column vc_column_container\"><div class=\"vc_column-inner\"><div class=\"wpb_text_column\"><div class=\"wpb_wrapper\"><h1 style=\"text-align: center;\">The Museum Algudnei<\/h1>\n<\/div><\/div><div class=\"w-separator size_small\"><\/div><div class=\"w-iconbox iconpos_top style_default color_custom align_center no_text no_title\"><a href=\"#intro\" class=\"w-iconbox-link\" aria-label=\"far|chevron-down\"><div class=\"w-iconbox-icon\" style=\"font-size:3rem;--icon-color:#ffffff;\"><i class=\"far fa-chevron-down\"><\/i><\/div><\/a><div class=\"w-iconbox-meta\"><\/div><\/div><div class=\"w-separator size_medium\"><\/div><\/div><\/div><\/div><\/div><\/section><section class=\"l-section wpb_row height_medium width_custom color_alternate\" style=\"--site-content-width:800px;\" id=\"intro\"><div class=\"l-section-overlay\" style=\"background:#E32119\"><\/div><div class=\"l-section-h i-cf\"><div class=\"g-cols vc_row via_grid cols_1 laptops-cols_inherit tablets-cols_inherit mobiles-cols_1 valign_top type_default stacking_default\"><div class=\"wpb_column vc_column_container\"><div class=\"vc_column-inner\"><div class=\"wpb_text_column\"><div class=\"wpb_wrapper\"><p>[vc_custom_heading text=&#8221;The Museum Network: culture and territory to be promoted and safeguarded.&#8221; font_container=&#8221;tag:h3|text_align:center|color:%23ffffff&#8221; use_theme_fonts=&#8221;yes&#8221;]<\/p>\n<\/div><\/div><\/div><\/div><\/div><\/div><\/section><section class=\"l-section wpb_row height_medium\"><div class=\"l-section-h i-cf\"><div class=\"g-cols vc_row via_grid cols_1 laptops-cols_inherit tablets-cols_1 mobiles-cols_1 valign_top type_default stacking_default\"><div class=\"wpb_column vc_column_container\"><div class=\"vc_column-inner\"><div class=\"wpb_text_column\"><div class=\"wpb_wrapper\"><p>On the top two floors of Palazzo Zandonella in Dosoledo, historically relevant building as testimony of a rich stately building of XVII Century, we can find the Museo Algudnei: synthesis of a cultural project with which Gruppo di Ricerche and Regola intend to disclose the results of the researches about Ladina culture of Comelico, with the aim to transmit knowledge. The museum offers to the visitor a reading about certain aspects of history and local traditions through images and videos. The large space is divided into three thematic sections: Carnevale (Carnival) with mannequins dressed in traditional costumes and vintage photographs; Regole, with maps and historical routes; Rifabbrico , with the reconstruction of events that radically changed the appearance of the villages in Cadore and in Comelico. In 2015 a new section about Great War on the front was opened : it shows the thickness of the front and it was designed by experts and scholars from Comelico, Austria and Pusteria. In 2018 were inaugurated other two sections: Ladino del Comelico and Clonp\u00e4r ; Ladino is the native language of the valley, Clonp\u00e4r is term that indicates who practiced the work of tinsmiths in Italy and in other countries in Europe.<br \/>\nThe Carnival theme is very heartfelt in Comelico, for this reason the museum decided to attach particular importance on it. Among the main masks of the Dosoledo\u2019s Carnival there are Lach\u00e8 and Matazin, which are represented by two male figures and are symbols of wealth and fortune.<\/p>\n<p>Both costumes show up themselves stylistically in the same way and they change in the colours. They wear white socks with colourful stripes attached to them, black shoes decorated with flowers, colored silk pants, many layers made up of gussets, muslin and silk. A pair of white gloves, a long top hat, called in dialect baret\u00f2n or calott\u00e4, garnished with necklaces, pearls, beads, brooches and 100 coloured silk ribbons cascading from the top of the headdress, a candy box which contains good luck confetti and the scepter. The difference between the two masks is the colour of the clothes: the Lach\u00e9 , who opens the show, wears a light coloured dress (such as pink, yellow, light blue); the Mata\u017ein , who follows the Lach\u00e8 parading and dancing in front of the band, wears a suit in darker colours (such as red, blue, green).<\/p>\n<\/div><\/div><\/div><\/div><\/div><\/div><\/section><section class=\"l-section wpb_row us_custom_9d1e26d6 height_small\"><div class=\"l-section-overlay\" style=\"background:#f5f5f5\"><\/div><div class=\"l-section-h i-cf\"><div class=\"g-cols vc_row via_grid cols_1 laptops-cols_inherit tablets-cols_inherit mobiles-cols_1 valign_top type_default stacking_default\"><div class=\"wpb_column vc_column_container\"><div class=\"vc_column-inner\"><div class=\"g-cols wpb_row via_grid cols_4 laptops-cols_inherit tablets-cols_inherit mobiles-cols_1 valign_top type_default stacking_default\"><div class=\"wpb_column vc_column_container\"><div class=\"vc_column-inner\"><div class=\"w-iconbox iconpos_top style_default color_primary align_center no_text\"><a target=\"_blank\" href=\"https:\/\/goo.gl\/maps\/jvC4RR2RaziHSQXm6\" class=\"w-iconbox-link\" aria-label=\"Piazza Tiziano, 2, 32040 Dosoledo BL\"><div class=\"w-iconbox-icon\" style=\"font-size:2.5rem;\"><i class=\"fas fa-home\"><\/i><\/div><\/a><div class=\"w-iconbox-meta\"><a target=\"_blank\" href=\"https:\/\/goo.gl\/maps\/jvC4RR2RaziHSQXm6\" class=\"w-iconbox-link\" aria-label=\"Piazza Tiziano, 2, 32040 Dosoledo BL\"><p class=\"w-iconbox-title\">Piazza Tiziano, 2, 32040 Dosoledo BL<\/p><\/a><\/div><\/div><\/div><\/div><div class=\"wpb_column vc_column_container\"><div class=\"vc_column-inner\"><div class=\"w-iconbox iconpos_top style_default color_primary align_center no_text\"><a target=\"_blank\" href=\"tel:+393474893734\" class=\"w-iconbox-link\" aria-label=\"+39 347 4893734\"><div class=\"w-iconbox-icon\" style=\"font-size:2.5rem;\"><i class=\"fas fa-phone\"><\/i><\/div><\/a><div class=\"w-iconbox-meta\"><a target=\"_blank\" href=\"tel:+393474893734\" class=\"w-iconbox-link\" aria-label=\"+39 347 4893734\"><p class=\"w-iconbox-title\">+39 347 4893734<\/p><\/a><\/div><\/div><\/div><\/div><div class=\"wpb_column vc_column_container\"><div class=\"vc_column-inner\"><div class=\"w-iconbox iconpos_top style_default color_primary align_center no_text\"><a target=\"_blank\" href=\"mailto:info@algudnei.it\" class=\"w-iconbox-link\" aria-label=\"info@algudnei.it\"><div class=\"w-iconbox-icon\" style=\"font-size:2.5rem;\"><i class=\"fas fa-envelope\"><\/i><\/div><\/a><div class=\"w-iconbox-meta\"><a target=\"_blank\" href=\"mailto:info@algudnei.it\" class=\"w-iconbox-link\" aria-label=\"info@algudnei.it\"><p class=\"w-iconbox-title\">info@algudnei.it<\/p><\/a><\/div><\/div><\/div><\/div><div class=\"wpb_column vc_column_container\"><div class=\"vc_column-inner\"><div class=\"w-iconbox iconpos_top style_default color_primary align_center no_text\"><a target=\"_blank\" href=\"https:\/\/www.algudnei.it\/\" class=\"w-iconbox-link\" aria-label=\"algudnei.it\"><div class=\"w-iconbox-icon\" style=\"font-size:2.5rem;\"><i class=\"fas fa-globe\"><\/i><\/div><\/a><div class=\"w-iconbox-meta\"><a target=\"_blank\" href=\"https:\/\/www.algudnei.it\/\" class=\"w-iconbox-link\" aria-label=\"algudnei.it\"><p class=\"w-iconbox-title\">algudnei.it<\/p><\/a><\/div><\/div><\/div><\/div><\/div><\/div><\/div><\/div><\/div><\/section><section class=\"l-section wpb_row height_medium\"><div class=\"l-section-h i-cf\"><div class=\"g-cols vc_row via_grid cols_1 laptops-cols_inherit tablets-cols_1 mobiles-cols_1 valign_top type_default stacking_default\"><div class=\"wpb_column vc_column_container\"><div class=\"vc_column-inner\"><div class=\"w-separator us_custom_381ea035 size_custom\" style=\"height:70vh\"><\/div><div class=\"w-separator size_medium\"><\/div><div class=\"w-tabs layout_hor style_default switch_click has_scrolling\" style=\"--sections-title-size:1em\"><div class=\"w-tabs-list items_3 align_none\"><div class=\"w-tabs-list-h\"><button class=\"w-tabs-item active\" aria-controls=\"content-t567\" aria-expanded=\"false\"><span class=\"w-tabs-item-title\">Opening hours<\/span><\/button><button class=\"w-tabs-item\" aria-controls=\"content-h70c\" aria-expanded=\"false\"><span class=\"w-tabs-item-title\">Prices<\/span><\/button><button class=\"w-tabs-item\" aria-controls=\"content-o8d6\" aria-expanded=\"false\"><span class=\"w-tabs-item-title\">Accessibility<\/span><\/button><\/div><\/div><div class=\"w-tabs-sections titles-align_none icon_chevron cpos_right\"><div class=\"w-tabs-section active\" id=\"t567\"><button class=\"w-tabs-section-header active\" aria-controls=\"content-t567\" aria-expanded=\"true\"><div class=\"w-tabs-section-title\">Opening hours<\/div><div class=\"w-tabs-section-control\"><\/div><\/button><div  class=\"w-tabs-section-content us_custom_2eb31b07\" id=\"content-t567\"><div class=\"w-tabs-section-content-h i-cf\"><div class=\"wpb_text_column\"><div class=\"wpb_wrapper\"><p>In the summer period open daily mornings from 9:00 to 12:00 and on Tuesdays and Fridays also afternoons from 15:00 to 18:00<\/p>\n<p>Out of season open by appointment.<\/p>\n<\/div><\/div><\/div><\/div><\/div><div class=\"w-tabs-section\" id=\"h70c\"><button class=\"w-tabs-section-header\" aria-controls=\"content-h70c\" aria-expanded=\"false\"><div class=\"w-tabs-section-title\">Prices<\/div><div class=\"w-tabs-section-control\"><\/div><\/button><div  class=\"w-tabs-section-content us_custom_2eb31b07\" id=\"content-h70c\"><div class=\"w-tabs-section-content-h i-cf\"><div class=\"wpb_text_column\"><div class=\"wpb_wrapper\"><p>Chargeable<\/p>\n<\/div><\/div><\/div><\/div><\/div><div class=\"w-tabs-section\" id=\"o8d6\"><button class=\"w-tabs-section-header\" aria-controls=\"content-o8d6\" aria-expanded=\"false\"><div class=\"w-tabs-section-title\">Accessibility<\/div><div class=\"w-tabs-section-control\"><\/div><\/button><div  class=\"w-tabs-section-content us_custom_2eb31b07\" id=\"content-o8d6\"><div class=\"w-tabs-section-content-h i-cf\"><div class=\"wpb_text_column\"><div class=\"wpb_wrapper\"><p>Non-reserved parking a few metres away<\/p>\n<p>&#8211; Lift and stair lift with staff if required<br \/>\n&#8211; No internal steps<br \/>\n&#8211; Wheelchair accessible but not equipped bathroom<\/p>\n<\/div><\/div><\/div><\/div><\/div><\/div><\/div><div class=\"w-separator size_medium\"><\/div><div class=\"w-video align_none ratio_16x9 has_iframe\"><div class=\"w-video-h\"><iframe title=\"Youtube video player\" src=\"\/\/www.youtube.com\/embed\/aMvIMIXegS4?origin=https:\/\/www.museicadoredolomiti.it\/en\/&controls=1\" allowfullscreen=\"1\" loading=\"lazy\"><\/iframe><\/div><div class=\"w-video-icon\" style=\"font-size:1.5rem;background:rgba(0,0,0,0.5);color:#fff\"><\/div><\/div><div class=\"w-separator size_medium\"><\/div><div class=\"w-grid type_carousel layout_gallery_cropped cols_4 valign_center ratio_1x1\" id=\"us_grid_1\" style=\"--gap:2px;\"><style>.layout_gallery_cropped .w-grid-item-h:before{padding-bottom:100%}.layout_gallery_cropped .w-grid-item-h{}.layout_gallery_cropped .usg_post_image_1{position:absolute!important;left:0!important;top:0!important;bottom:0!important;right:0!important}<\/style><div class=\"w-grid-list owl-carousel navstyle_circle navpos_inside with_dots\" style=\"--arrows-size:1.8rem;\">\t<article class=\"w-grid-item post-9012 attachment type-attachment status-inherit hentry\" data-id=\"9012\">\r\n\t\t<div class=\"w-grid-item-h\">\r\n\t\t\t\t\t\t<div class=\"w-post-elm post_image usg_post_image_1 stretched\"><img width=\"1024\" height=\"466\" src=\"https:\/\/www.museicadoredolomiti.it\/wp-content\/uploads\/2023\/08\/logo-algudnei-1024x466.jpg\" class=\"attachment-large size-large\" alt=\"\" decoding=\"async\" loading=\"lazy\" srcset=\"https:\/\/www.museicadoredolomiti.it\/wp-content\/uploads\/2023\/08\/logo-algudnei-1024x466.jpg 1024w, https:\/\/www.museicadoredolomiti.it\/wp-content\/uploads\/2023\/08\/logo-algudnei-300x137.jpg 300w, https:\/\/www.museicadoredolomiti.it\/wp-content\/uploads\/2023\/08\/logo-algudnei-1536x699.jpg 1536w\" sizes=\"(max-width: 1024px) 100vw, 1024px\" \/><\/div>\t\t<\/div>\r\n\t<\/article>\r\n\t<article class=\"w-grid-item post-8788 attachment type-attachment status-inherit hentry\" data-id=\"8788\">\r\n\t\t<div class=\"w-grid-item-h\">\r\n\t\t\t\t\t\t<div class=\"w-post-elm post_image usg_post_image_1 stretched\"><img width=\"1024\" height=\"768\" src=\"https:\/\/www.museicadoredolomiti.it\/wp-content\/uploads\/2023\/08\/IMG_9035-1-1024x768.jpg\" class=\"attachment-large size-large\" alt=\"\" decoding=\"async\" loading=\"lazy\" srcset=\"https:\/\/www.museicadoredolomiti.it\/wp-content\/uploads\/2023\/08\/IMG_9035-1-1024x768.jpg 1024w, https:\/\/www.museicadoredolomiti.it\/wp-content\/uploads\/2023\/08\/IMG_9035-1-300x225.jpg 300w, https:\/\/www.museicadoredolomiti.it\/wp-content\/uploads\/2023\/08\/IMG_9035-1-1536x1152.jpg 1536w\" sizes=\"(max-width: 1024px) 100vw, 1024px\" \/><\/div>\t\t<\/div>\r\n\t<\/article>\r\n\t<article class=\"w-grid-item post-8786 attachment type-attachment status-inherit hentry\" data-id=\"8786\">\r\n\t\t<div class=\"w-grid-item-h\">\r\n\t\t\t\t\t\t<div class=\"w-post-elm post_image usg_post_image_1 stretched\"><img width=\"800\" height=\"600\" src=\"https:\/\/www.museicadoredolomiti.it\/wp-content\/uploads\/2023\/08\/Musei-Cadore-Dolomiti-Algudnei-1.jpg\" class=\"attachment-large size-large\" alt=\"\" decoding=\"async\" loading=\"lazy\" srcset=\"https:\/\/www.museicadoredolomiti.it\/wp-content\/uploads\/2023\/08\/Musei-Cadore-Dolomiti-Algudnei-1.jpg 800w, https:\/\/www.museicadoredolomiti.it\/wp-content\/uploads\/2023\/08\/Musei-Cadore-Dolomiti-Algudnei-1-300x225.jpg 300w\" sizes=\"(max-width: 800px) 100vw, 800px\" \/><\/div>\t\t<\/div>\r\n\t<\/article>\r\n\t<article class=\"w-grid-item post-8784 attachment type-attachment status-inherit hentry\" data-id=\"8784\">\r\n\t\t<div class=\"w-grid-item-h\">\r\n\t\t\t\t\t\t<div class=\"w-post-elm post_image usg_post_image_1 stretched\"><img width=\"1024\" height=\"521\" src=\"https:\/\/www.museicadoredolomiti.it\/wp-content\/uploads\/2023\/08\/grande-guerra-1024x521.jpg\" class=\"attachment-large size-large\" alt=\"\" decoding=\"async\" loading=\"lazy\" srcset=\"https:\/\/www.museicadoredolomiti.it\/wp-content\/uploads\/2023\/08\/grande-guerra-1024x521.jpg 1024w, https:\/\/www.museicadoredolomiti.it\/wp-content\/uploads\/2023\/08\/grande-guerra-300x153.jpg 300w, https:\/\/www.museicadoredolomiti.it\/wp-content\/uploads\/2023\/08\/grande-guerra-1536x781.jpg 1536w\" sizes=\"(max-width: 1024px) 100vw, 1024px\" \/><\/div>\t\t<\/div>\r\n\t<\/article>\r\n\t<article class=\"w-grid-item post-8782 attachment type-attachment status-inherit hentry\" data-id=\"8782\">\r\n\t\t<div class=\"w-grid-item-h\">\r\n\t\t\t\t\t\t<div class=\"w-post-elm post_image usg_post_image_1 stretched\"><img width=\"1024\" height=\"575\" src=\"https:\/\/www.museicadoredolomiti.it\/wp-content\/uploads\/2023\/08\/corridoio-1024x575.jpg\" class=\"attachment-large size-large\" alt=\"\" decoding=\"async\" loading=\"lazy\" srcset=\"https:\/\/www.museicadoredolomiti.it\/wp-content\/uploads\/2023\/08\/corridoio-1024x575.jpg 1024w, https:\/\/www.museicadoredolomiti.it\/wp-content\/uploads\/2023\/08\/corridoio-300x169.jpg 300w, https:\/\/www.museicadoredolomiti.it\/wp-content\/uploads\/2023\/08\/corridoio-1536x863.jpg 1536w\" sizes=\"(max-width: 1024px) 100vw, 1024px\" \/><\/div>\t\t<\/div>\r\n\t<\/article>\r\n\t<article class=\"w-grid-item post-8780 attachment type-attachment status-inherit hentry\" data-id=\"8780\">\r\n\t\t<div class=\"w-grid-item-h\">\r\n\t\t\t\t\t\t<div class=\"w-post-elm post_image usg_post_image_1 stretched\"><img width=\"1024\" height=\"734\" src=\"https:\/\/www.museicadoredolomiti.it\/wp-content\/uploads\/2023\/08\/21-1024x734.jpg\" class=\"attachment-large size-large\" alt=\"\" decoding=\"async\" loading=\"lazy\" srcset=\"https:\/\/www.museicadoredolomiti.it\/wp-content\/uploads\/2023\/08\/21-1024x734.jpg 1024w, https:\/\/www.museicadoredolomiti.it\/wp-content\/uploads\/2023\/08\/21-300x215.jpg 300w, https:\/\/www.museicadoredolomiti.it\/wp-content\/uploads\/2023\/08\/21-1536x1102.jpg 1536w\" sizes=\"(max-width: 1024px) 100vw, 1024px\" \/><\/div>\t\t<\/div>\r\n\t<\/article>\r\n\t<article class=\"w-grid-item post-8778 attachment type-attachment status-inherit hentry\" data-id=\"8778\">\r\n\t\t<div class=\"w-grid-item-h\">\r\n\t\t\t\t\t\t<div class=\"w-post-elm post_image usg_post_image_1 stretched\"><img width=\"1024\" height=\"768\" src=\"https:\/\/www.museicadoredolomiti.it\/wp-content\/uploads\/2023\/08\/07-1-1024x768.jpg\" class=\"attachment-large size-large\" alt=\"\" decoding=\"async\" loading=\"lazy\" srcset=\"https:\/\/www.museicadoredolomiti.it\/wp-content\/uploads\/2023\/08\/07-1-1024x768.jpg 1024w, https:\/\/www.museicadoredolomiti.it\/wp-content\/uploads\/2023\/08\/07-1-300x225.jpg 300w, https:\/\/www.museicadoredolomiti.it\/wp-content\/uploads\/2023\/08\/07-1.jpg 1500w\" sizes=\"(max-width: 1024px) 100vw, 1024px\" \/><\/div>\t\t<\/div>\r\n\t<\/article>\r\n\t<article class=\"w-grid-item post-8776 attachment type-attachment status-inherit hentry\" data-id=\"8776\">\r\n\t\t<div class=\"w-grid-item-h\">\r\n\t\t\t\t\t\t<div class=\"w-post-elm post_image usg_post_image_1 stretched\"><img width=\"1024\" height=\"848\" src=\"https:\/\/www.museicadoredolomiti.it\/wp-content\/uploads\/2023\/08\/1-1024x848.jpg\" class=\"attachment-large size-large\" alt=\"\" decoding=\"async\" loading=\"lazy\" srcset=\"https:\/\/www.museicadoredolomiti.it\/wp-content\/uploads\/2023\/08\/1-1024x848.jpg 1024w, https:\/\/www.museicadoredolomiti.it\/wp-content\/uploads\/2023\/08\/1-300x249.jpg 300w, https:\/\/www.museicadoredolomiti.it\/wp-content\/uploads\/2023\/08\/1-1536x1272.jpg 1536w\" sizes=\"(max-width: 1024px) 100vw, 1024px\" \/><\/div>\t\t<\/div>\r\n\t<\/article>\r\n<\/div><div class=\"g-preloader type_1\">\r\n\t<div><\/div>\r\n<\/div>\r\n\t<div class=\"w-grid-json hidden\" onclick='return {&quot;action&quot;:&quot;us_ajax_grid&quot;,&quot;ajax_url&quot;:&quot;https:\\\/\\\/www.museicadoredolomiti.it\\\/wp-admin\\\/admin-ajax.php&quot;,&quot;infinite_scroll&quot;:0,&quot;max_num_pages&quot;:1,&quot;pagination&quot;:&quot;none&quot;,&quot;permalink_url&quot;:&quot;https:\\\/\\\/www.museicadoredolomiti.it\\\/en\\\/wp-json\\\/wp\\\/v2\\\/pages\\\/9147\\\/&quot;,&quot;template_vars&quot;:{&quot;columns&quot;:&quot;4&quot;,&quot;exclude_items&quot;:&quot;none&quot;,&quot;img_size&quot;:&quot;default&quot;,&quot;ignore_items_size&quot;:0,&quot;items_layout&quot;:&quot;gallery_cropped&quot;,&quot;items_offset&quot;:&quot;1&quot;,&quot;load_animation&quot;:&quot;none&quot;,&quot;overriding_link&quot;:&quot;{\\&quot;url\\&quot;:\\&quot;\\&quot;}&quot;,&quot;post_id&quot;:0,&quot;query_args&quot;:{&quot;post_type&quot;:[&quot;attachment&quot;],&quot;post__in&quot;:[&quot;8332&quot;,&quot;8331&quot;,&quot;8329&quot;,&quot;8328&quot;,&quot;8327&quot;,&quot;8326&quot;,&quot;8325&quot;,&quot;8654&quot;],&quot;post_status&quot;:&quot;inherit&quot;,&quot;post_mime_type&quot;:&quot;image&quot;,&quot;posts_per_page&quot;:999},&quot;orderby_query_args&quot;:{&quot;orderby&quot;:{&quot;date&quot;:&quot;DESC&quot;}},&quot;type&quot;:&quot;carousel&quot;,&quot;us_grid_ajax_index&quot;:1,&quot;us_grid_filter_params&quot;:null,&quot;us_grid_index&quot;:1,&quot;_us_grid_post_type&quot;:&quot;attachment&quot;,&quot;page_args&quot;:[],&quot;lang&quot;:&quot;en&quot;},&quot;carousel_settings&quot;:{&quot;autoHeight&quot;:0,&quot;autoplay&quot;:0,&quot;carousel_fade&quot;:0,&quot;center&quot;:0,&quot;dots&quot;:1,&quot;items&quot;:&quot;4&quot;,&quot;loop&quot;:true,&quot;nav&quot;:1,&quot;slideby&quot;:&quot;1&quot;,&quot;smooth_play&quot;:0,&quot;speed&quot;:250,&quot;timeout&quot;:3000,&quot;transition&quot;:&quot;&quot;,&quot;aria_labels&quot;:{&quot;prev&quot;:&quot;Previous&quot;,&quot;next&quot;:&quot;Next&quot;}},&quot;carousel_breakpoints&quot;:{&quot;0&quot;:{&quot;autoHeight&quot;:0,&quot;autoplay&quot;:1,&quot;autoplayHoverPause&quot;:1,&quot;items&quot;:2,&quot;loop&quot;:true,&quot;stagePadding&quot;:0},&quot;601&quot;:{&quot;autoHeight&quot;:0,&quot;autoplay&quot;:1,&quot;autoplayHoverPause&quot;:1,&quot;items&quot;:2,&quot;loop&quot;:true,&quot;stagePadding&quot;:0},&quot;1025&quot;:{&quot;autoHeight&quot;:0,&quot;autoplay&quot;:1,&quot;autoplayHoverPause&quot;:1,&quot;items&quot;:3,&quot;loop&quot;:true,&quot;stagePadding&quot;:0},&quot;1281&quot;:{&quot;items&quot;:4,&quot;stagePadding&quot;:0}}}'><\/div>\r\n\t<\/div><\/div><\/div><\/div><\/div><\/section>\n","protected":false},"excerpt":{"rendered":"","protected":false},"author":1,"featured_media":0,"parent":0,"menu_order":0,"comment_status":"closed","ping_status":"closed","template":"","meta":{"footnotes":""},"_links":{"self":[{"href":"https:\/\/www.museicadoredolomiti.it\/en\/wp-json\/wp\/v2\/pages\/9147"}],"collection":[{"href":"https:\/\/www.museicadoredolomiti.it\/en\/wp-json\/wp\/v2\/pages"}],"about":[{"href":"https:\/\/www.museicadoredolomiti.it\/en\/wp-json\/wp\/v2\/types\/page"}],"author":[{"embeddable":true,"href":"https:\/\/www.museicadoredolomiti.it\/en\/wp-json\/wp\/v2\/users\/1"}],"replies":[{"embeddable":true,"href":"https:\/\/www.museicadoredolomiti.it\/en\/wp-json\/wp\/v2\/comments?post=9147"}],"version-history":[{"count":4,"href":"https:\/\/www.museicadoredolomiti.it\/en\/wp-json\/wp\/v2\/pages\/9147\/revisions"}],"predecessor-version":[{"id":9576,"href":"https:\/\/www.museicadoredolomiti.it\/en\/wp-json\/wp\/v2\/pages\/9147\/revisions\/9576"}],"wp:attachment":[{"href":"https:\/\/www.museicadoredolomiti.it\/en\/wp-json\/wp\/v2\/media?parent=9147"}],"curies":[{"name":"wp","href":"https:\/\/api.w.org\/{rel}","templated":true}]}}